{"id":42,"date":"2022-08-18T10:55:54","date_gmt":"2022-08-18T08:55:54","guid":{"rendered":"https:\/\/www.veronicaabaigar.com\/?page_id=42"},"modified":"2026-01-19T10:16:41","modified_gmt":"2026-01-19T09:16:41","slug":"inicio","status":"publish","type":"page","link":"https:\/\/www.veronicaabaigar.com\/en\/","title":{"rendered":"Inicio"},"content":{"rendered":"\t\t<div data-elementor-type=\"wp-page\" data-elementor-id=\"42\" class=\"elementor elementor-42\" data-elementor-post-type=\"page\">\n\t\t\t\t<div class=\"elementor-element elementor-element-6cc5804 e-con-full e-flex e-con e-parent\" data-id=\"6cc5804\" data-element_type=\"container\" data-e-type=\"container\" data-settings=\"{&quot;background_background&quot;:&quot;classic&quot;}\">\n\t\t\t\t<\/div>\n\t\t<div class=\"elementor-element elementor-element-9c4e89f fc-container-padding e-flex e-con-boxed e-con e-parent\" data-id=\"9c4e89f\" data-element_type=\"container\" data-e-type=\"container\" data-settings=\"{&quot;background_background&quot;:&quot;classic&quot;}\">\n\t\t\t\t\t<div class=\"e-con-inner\">\n\t\t<div class=\"elementor-element elementor-element-88ddc7e e-flex e-con-boxed e-con e-child\" data-id=\"88ddc7e\" data-element_type=\"container\" data-e-type=\"container\">\n\t\t\t\t\t<div class=\"e-con-inner\">\n\t\t<div class=\"elementor-element elementor-element-4cdbc8b fc-container-col e-flex e-con-boxed e-con e-child\" data-id=\"4cdbc8b\" data-element_type=\"container\" data-e-type=\"container\">\n\t\t\t\t\t<div class=\"e-con-inner\">\n\t\t\t\t<div class=\"elementor-element elementor-element-71d5686 elementor-widget elementor-widget-heading\" data-id=\"71d5686\" data-element_type=\"widget\" data-e-type=\"widget\" data-widget_type=\"heading.default\">\n\t\t\t\t<div class=\"elementor-widget-container\">\n\t\t\t\t\t<h1 class=\"elementor-heading-title elementor-size-default\">Acuarelas que nacen del paisaje, de la luz y de la vida cotidiana<\/h1>\t\t\t\t<\/div>\n\t\t\t\t<\/div>\n\t\t\t\t<div class=\"elementor-element elementor-element-008250f elementor-widget elementor-widget-text-editor\" data-id=\"008250f\" data-element_type=\"widget\" data-e-type=\"widget\" data-widget_type=\"text-editor.default\">\n\t\t\t\t<div class=\"elementor-widget-container\">\n\t\t\t\t\t\t\t\t\t<p>Soy Ver\u00f3nica Abaigar, pintora de La Rioja y miembro de la Agrupaci\u00f3n de Acuarelistas Vascos. Desde muy joven pinto al natural, in situ, acompa\u00f1ada de cuadernos, pinceles y el deseo de atrapar un instante antes de que cambie para siempre.<\/p><p>Autodidacta e inquieta, me he formado en talleres de dibujo y pintura trabajando junto a grandes acuarelistas, siempre frente al motivo: en la calle, en el r\u00edo, entre vi\u00f1as o en plazas llenas de vida.<\/p>\t\t\t\t\t\t\t\t<\/div>\n\t\t\t\t<\/div>\n\t\t<div class=\"elementor-element elementor-element-6e1f003 e-flex e-con-boxed e-con e-child\" data-id=\"6e1f003\" data-element_type=\"container\" data-e-type=\"container\">\n\t\t\t\t\t<div class=\"e-con-inner\">\n\t\t\t\t<div class=\"elementor-element elementor-element-7d40a02 elementor-widget__width-auto fc-boton-simple elementor-widget elementor-widget-button\" data-id=\"7d40a02\" data-element_type=\"widget\" data-e-type=\"widget\" data-widget_type=\"button.default\">\n\t\t\t\t<div class=\"elementor-widget-container\">\n\t\t\t\t\t\t\t\t\t<div class=\"elementor-button-wrapper\">\n\t\t\t\t\t<a class=\"elementor-button elementor-button-link elementor-size-sm\" href=\"https:\/\/www.veronicaabaigar.com\/sobre-mi\/\">\n\t\t\t\t\t\t<span class=\"elementor-button-content-wrapper\">\n\t\t\t\t\t\t\t\t\t<span class=\"elementor-button-text\">M\u00e1s sobre m\u00ed<\/span>\n\t\t\t\t\t<\/span>\n\t\t\t\t\t<\/a>\n\t\t\t\t<\/div>\n\t\t\t\t\t\t\t\t<\/div>\n\t\t\t\t<\/div>\n\t\t\t\t\t<\/div>\n\t\t\t\t<\/div>\n\t\t\t\t\t<\/div>\n\t\t\t\t<\/div>\n\t\t<div class=\"elementor-element elementor-element-ad5f2be fc-container-col e-flex e-con-boxed e-con e-child\" data-id=\"ad5f2be\" data-element_type=\"container\" data-e-type=\"container\">\n\t\t\t\t\t<div class=\"e-con-inner\">\n\t\t\t\t<div class=\"elementor-element elementor-element-0da06dc elementor-widget elementor-widget-image\" data-id=\"0da06dc\" data-element_type=\"widget\" data-e-type=\"widget\" data-widget_type=\"image.default\">\n\t\t\t\t<div class=\"elementor-widget-container\">\n\t\t\t\t\t\t\t\t\t\t\t\t\t\t\t<img fetchpriority=\"high\" decoding=\"async\" width=\"420\" height=\"520\" src=\"https:\/\/www.veronicaabaigar.com\/wp-content\/uploads\/2025\/12\/vabaigar-home-sobremi-paleta-1766445406.jpg\" class=\"attachment-large size-large wp-image-2207\" alt=\"Vabaigar Home Sobremi Paleta\" srcset=\"https:\/\/www.veronicaabaigar.com\/wp-content\/uploads\/2025\/12\/vabaigar-home-sobremi-paleta-1766445406.jpg 420w, https:\/\/www.veronicaabaigar.com\/wp-content\/uploads\/2025\/12\/vabaigar-home-sobremi-paleta-1766445406-242x300.jpg 242w\" sizes=\"(max-width: 420px) 100vw, 420px\" \/>\t\t\t\t\t\t\t\t\t\t\t\t\t\t\t<\/div>\n\t\t\t\t<\/div>\n\t\t\t\t<div class=\"elementor-element elementor-element-1f71606 elementor-widget elementor-widget-image\" data-id=\"1f71606\" data-element_type=\"widget\" data-e-type=\"widget\" data-widget_type=\"image.default\">\n\t\t\t\t<div class=\"elementor-widget-container\">\n\t\t\t\t\t\t\t\t\t\t\t\t\t\t\t<img decoding=\"async\" width=\"306\" height=\"370\" src=\"https:\/\/www.veronicaabaigar.com\/wp-content\/uploads\/2025\/12\/vabaigar-home-sobremi-pintando-1766445406.jpg\" class=\"attachment-full size-full wp-image-2208\" alt=\"Vabaigar Home Sobremi Pintando\" srcset=\"https:\/\/www.veronicaabaigar.com\/wp-content\/uploads\/2025\/12\/vabaigar-home-sobremi-pintando-1766445406.jpg 306w, https:\/\/www.veronicaabaigar.com\/wp-content\/uploads\/2025\/12\/vabaigar-home-sobremi-pintando-1766445406-248x300.jpg 248w\" sizes=\"(max-width: 306px) 100vw, 306px\" \/>\t\t\t\t\t\t\t\t\t\t\t\t\t\t\t<\/div>\n\t\t\t\t<\/div>\n\t\t\t\t\t<\/div>\n\t\t\t\t<\/div>\n\t\t\t\t\t<\/div>\n\t\t\t\t<\/div>\n\t\t\t\t\t<\/div>\n\t\t\t\t<\/div>\n\t\t<div class=\"elementor-element elementor-element-afd233c e-con-full fc-container-padding e-flex e-con e-parent\" data-id=\"afd233c\" data-element_type=\"container\" data-e-type=\"container\" data-settings=\"{&quot;background_background&quot;:&quot;classic&quot;}\">\n\t\t<div class=\"elementor-element elementor-element-7bfab0d e-flex e-con-boxed e-con e-child\" data-id=\"7bfab0d\" data-element_type=\"container\" data-e-type=\"container\">\n\t\t\t\t\t<div class=\"e-con-inner\">\n\t\t\t\t<div class=\"elementor-element elementor-element-34a2f7b elementor-widget elementor-widget-heading\" data-id=\"34a2f7b\" data-element_type=\"widget\" data-e-type=\"widget\" data-widget_type=\"heading.default\">\n\t\t\t\t<div class=\"elementor-widget-container\">\n\t\t\t\t\t<h2 class=\"elementor-heading-title elementor-size-default\">Mis obras<\/h2>\t\t\t\t<\/div>\n\t\t\t\t<\/div>\n\t\t\t\t<div class=\"elementor-element elementor-element-ec04e2d elementor-grid-3 elementor-grid-tablet-2 elementor-grid-mobile-1 elementor-widget elementor-widget-loop-grid\" data-id=\"ec04e2d\" data-element_type=\"widget\" data-e-type=\"widget\" data-settings=\"{&quot;template_id&quot;:1134,&quot;_skin&quot;:&quot;post&quot;,&quot;columns&quot;:&quot;3&quot;,&quot;columns_tablet&quot;:&quot;2&quot;,&quot;columns_mobile&quot;:&quot;1&quot;,&quot;edit_handle_selector&quot;:&quot;[data-elementor-type=\\&quot;loop-item\\&quot;]&quot;,&quot;row_gap&quot;:{&quot;unit&quot;:&quot;px&quot;,&quot;size&quot;:&quot;&quot;,&quot;sizes&quot;:[]},&quot;row_gap_widescreen&quot;:{&quot;unit&quot;:&quot;px&quot;,&quot;size&quot;:&quot;&quot;,&quot;sizes&quot;:[]},&quot;row_gap_laptop&quot;:{&quot;unit&quot;:&quot;px&quot;,&quot;size&quot;:&quot;&quot;,&quot;sizes&quot;:[]},&quot;row_gap_tablet&quot;:{&quot;unit&quot;:&quot;px&quot;,&quot;size&quot;:&quot;&quot;,&quot;sizes&quot;:[]},&quot;row_gap_mobile&quot;:{&quot;unit&quot;:&quot;px&quot;,&quot;size&quot;:&quot;&quot;,&quot;sizes&quot;:[]}}\" data-widget_type=\"loop-grid.post\">\n\t\t\t\t<div class=\"elementor-widget-container\">\n\t\t\t\t\t\t\t<div class=\"elementor-loop-container elementor-grid\" role=\"list\">\n\t\t<style id=\"loop-1134\">.elementor-1134 .elementor-element.elementor-element-412ffc6{--display:flex;}.elementor-1134 .elementor-element.elementor-element-f7051ae{--display:flex;--flex-direction:row;--container-widget-width:calc( ( 1 - var( --container-widget-flex-grow ) ) * 100% );--container-widget-height:100%;--container-widget-flex-grow:1;--container-widget-align-self:stretch;--flex-wrap-mobile:wrap;--justify-content:space-between;--align-items:center;}.elementor-1134 .elementor-element.elementor-element-bcf8d31 .elementor-heading-title{font-size:1.1rem;color:var( --e-global-color-text );}.elementor-1134 .elementor-element.elementor-element-797e341 .elementor-heading-title{font-family:\"Poppins\", Sans-serif;font-size:0.8rem;font-weight:500;text-transform:uppercase;letter-spacing:1px;color:var( --e-global-color-accent );}<\/style>\t\t<div data-elementor-type=\"loop-item\" data-elementor-id=\"1134\" class=\"elementor elementor-1134 e-loop-item e-loop-item-2448 post-2448 obra type-obra status-publish hentry\" data-elementor-post-type=\"elementor_library\" data-custom-edit-handle=\"1\">\n\t\t\t<a class=\"elementor-element elementor-element-412ffc6 e-flex e-con-boxed e-con e-parent\" data-id=\"412ffc6\" data-element_type=\"container\" data-e-type=\"container\" href=\"https:\/\/www.veronicaabaigar.com\/en\/obra\/estacion-antigua\/\">\n\t\t\t\t\t<div class=\"e-con-inner\">\n\t\t\t\t<div class=\"elementor-element elementor-element-b26c9b2 elementor-widget elementor-widget-image\" data-id=\"b26c9b2\" data-element_type=\"widget\" data-e-type=\"widget\" data-widget_type=\"image.default\">\n\t\t\t\t<div class=\"elementor-widget-container\">\n\t\t\t\t\t\t\t\t\t\t\t\t\t\t\t<img decoding=\"async\" width=\"600\" height=\"600\" src=\"https:\/\/www.veronicaabaigar.com\/wp-content\/uploads\/2025\/12\/obra-por-la-costanilla-galeria-de-fotos-1767805420-600x600.jpg\" class=\"attachment-obras_grid size-obras_grid wp-image-2444\" alt=\"Obra Por La Costanilla Galeria De Fotos\" srcset=\"https:\/\/www.veronicaabaigar.com\/wp-content\/uploads\/2025\/12\/obra-por-la-costanilla-galeria-de-fotos-1767805420-600x600.jpg 600w, https:\/\/www.veronicaabaigar.com\/wp-content\/uploads\/2025\/12\/obra-por-la-costanilla-galeria-de-fotos-1767805420-150x150.jpg 150w\" sizes=\"(max-width: 600px) 100vw, 600px\" \/>\t\t\t\t\t\t\t\t\t\t\t\t\t\t\t<\/div>\n\t\t\t\t<\/div>\n\t\t<div class=\"elementor-element elementor-element-f7051ae e-con-full e-flex e-con e-child\" data-id=\"f7051ae\" data-element_type=\"container\" data-e-type=\"container\">\n\t\t\t\t<div class=\"elementor-element elementor-element-bcf8d31 elementor-widget elementor-widget-heading\" data-id=\"bcf8d31\" data-element_type=\"widget\" data-e-type=\"widget\" data-widget_type=\"heading.default\">\n\t\t\t\t<div class=\"elementor-widget-container\">\n\t\t\t\t\t<h3 class=\"elementor-heading-title elementor-size-default\">Estaci\u00f3n antigua<\/h3>\t\t\t\t<\/div>\n\t\t\t\t<\/div>\n\t\t\t\t<div class=\"elementor-element elementor-element-797e341 element-obra-disponible-hide elementor-widget elementor-widget-heading\" data-id=\"797e341\" data-element_type=\"widget\" data-e-type=\"widget\" data-widget_type=\"heading.default\">\n\t\t\t\t<div class=\"elementor-widget-container\">\n\t\t\t\t\t<div class=\"elementor-heading-title elementor-size-default\">No disponible<\/div>\t\t\t\t<\/div>\n\t\t\t\t<\/div>\n\t\t\t\t<\/div>\n\t\t\t\t\t<\/div>\n\t\t\t\t<\/a>\n\t\t\t\t<\/div>\n\t\t\t\t<div data-elementor-type=\"loop-item\" data-elementor-id=\"1134\" class=\"elementor elementor-1134 e-loop-item e-loop-item-2332 post-2332 obra type-obra status-publish hentry\" data-elementor-post-type=\"elementor_library\" data-custom-edit-handle=\"1\">\n\t\t\t<a class=\"elementor-element elementor-element-412ffc6 e-flex e-con-boxed e-con e-parent\" data-id=\"412ffc6\" data-element_type=\"container\" data-e-type=\"container\" href=\"https:\/\/www.veronicaabaigar.com\/en\/obra\/vinas-rojas-i\/\">\n\t\t\t\t\t<div class=\"e-con-inner\">\n\t\t\t\t<div class=\"elementor-element elementor-element-b26c9b2 elementor-widget elementor-widget-image\" data-id=\"b26c9b2\" data-element_type=\"widget\" data-e-type=\"widget\" data-widget_type=\"image.default\">\n\t\t\t\t<div class=\"elementor-widget-container\">\n\t\t\t\t\t\t\t\t\t\t\t\t\t\t\t<img loading=\"lazy\" decoding=\"async\" width=\"600\" height=\"600\" src=\"https:\/\/www.veronicaabaigar.com\/wp-content\/uploads\/2025\/12\/image-2-1767175041-600x600.jpg\" class=\"attachment-obras_grid size-obras_grid wp-image-2349\" alt=\"Image 2\" srcset=\"https:\/\/www.veronicaabaigar.com\/wp-content\/uploads\/2025\/12\/image-2-1767175041-600x600.jpg 600w, https:\/\/www.veronicaabaigar.com\/wp-content\/uploads\/2025\/12\/image-2-1767175041-150x150.jpg 150w\" sizes=\"(max-width: 600px) 100vw, 600px\" \/>\t\t\t\t\t\t\t\t\t\t\t\t\t\t\t<\/div>\n\t\t\t\t<\/div>\n\t\t<div class=\"elementor-element elementor-element-f7051ae e-con-full e-flex e-con e-child\" data-id=\"f7051ae\" data-element_type=\"container\" data-e-type=\"container\">\n\t\t\t\t<div class=\"elementor-element elementor-element-bcf8d31 elementor-widget elementor-widget-heading\" data-id=\"bcf8d31\" data-element_type=\"widget\" data-e-type=\"widget\" data-widget_type=\"heading.default\">\n\t\t\t\t<div class=\"elementor-widget-container\">\n\t\t\t\t\t<h3 class=\"elementor-heading-title elementor-size-default\">Vi\u00f1as rojas I<\/h3>\t\t\t\t<\/div>\n\t\t\t\t<\/div>\n\t\t\t\t<\/div>\n\t\t\t\t\t<\/div>\n\t\t\t\t<\/a>\n\t\t\t\t<\/div>\n\t\t\t\t<div data-elementor-type=\"loop-item\" data-elementor-id=\"1134\" class=\"elementor elementor-1134 e-loop-item e-loop-item-2314 post-2314 obra type-obra status-publish hentry\" data-elementor-post-type=\"elementor_library\" data-custom-edit-handle=\"1\">\n\t\t\t<a class=\"elementor-element elementor-element-412ffc6 e-flex e-con-boxed e-con e-parent\" data-id=\"412ffc6\" data-element_type=\"container\" data-e-type=\"container\" href=\"https:\/\/www.veronicaabaigar.com\/en\/obra\/vinas-con-cielo-amarillo\/\">\n\t\t\t\t\t<div class=\"e-con-inner\">\n\t\t\t\t<div class=\"elementor-element elementor-element-b26c9b2 elementor-widget elementor-widget-image\" data-id=\"b26c9b2\" data-element_type=\"widget\" data-e-type=\"widget\" data-widget_type=\"image.default\">\n\t\t\t\t<div class=\"elementor-widget-container\">\n\t\t\t\t\t\t\t\t\t\t\t\t\t\t\t<img loading=\"lazy\" decoding=\"async\" width=\"600\" height=\"600\" src=\"https:\/\/www.veronicaabaigar.com\/wp-content\/uploads\/2025\/12\/image-1767175853-600x600.jpg\" class=\"attachment-obras_grid size-obras_grid wp-image-2350\" alt=\"Image\" srcset=\"https:\/\/www.veronicaabaigar.com\/wp-content\/uploads\/2025\/12\/image-1767175853-600x600.jpg 600w, https:\/\/www.veronicaabaigar.com\/wp-content\/uploads\/2025\/12\/image-1767175853-150x150.jpg 150w\" sizes=\"(max-width: 600px) 100vw, 600px\" \/>\t\t\t\t\t\t\t\t\t\t\t\t\t\t\t<\/div>\n\t\t\t\t<\/div>\n\t\t<div class=\"elementor-element elementor-element-f7051ae e-con-full e-flex e-con e-child\" data-id=\"f7051ae\" data-element_type=\"container\" data-e-type=\"container\">\n\t\t\t\t<div class=\"elementor-element elementor-element-bcf8d31 elementor-widget elementor-widget-heading\" data-id=\"bcf8d31\" data-element_type=\"widget\" data-e-type=\"widget\" data-widget_type=\"heading.default\">\n\t\t\t\t<div class=\"elementor-widget-container\">\n\t\t\t\t\t<h3 class=\"elementor-heading-title elementor-size-default\">Vi\u00f1as con cielo amarillo<\/h3>\t\t\t\t<\/div>\n\t\t\t\t<\/div>\n\t\t\t\t<\/div>\n\t\t\t\t\t<\/div>\n\t\t\t\t<\/a>\n\t\t\t\t<\/div>\n\t\t\t\t<div data-elementor-type=\"loop-item\" data-elementor-id=\"1134\" class=\"elementor elementor-1134 e-loop-item e-loop-item-2010 post-2010 obra type-obra status-publish hentry\" data-elementor-post-type=\"elementor_library\" data-custom-edit-handle=\"1\">\n\t\t\t<a class=\"elementor-element elementor-element-412ffc6 e-flex e-con-boxed e-con e-parent\" data-id=\"412ffc6\" data-element_type=\"container\" data-e-type=\"container\" href=\"https:\/\/www.veronicaabaigar.com\/en\/obra\/calle-en-soto-de-cameros-2\/\">\n\t\t\t\t\t<div class=\"e-con-inner\">\n\t\t\t\t<div class=\"elementor-element elementor-element-b26c9b2 elementor-widget elementor-widget-image\" data-id=\"b26c9b2\" data-element_type=\"widget\" data-e-type=\"widget\" data-widget_type=\"image.default\">\n\t\t\t\t<div class=\"elementor-widget-container\">\n\t\t\t\t\t\t\t\t\t\t\t\t\t\t\t<img loading=\"lazy\" decoding=\"async\" width=\"600\" height=\"600\" src=\"https:\/\/www.veronicaabaigar.com\/wp-content\/uploads\/2025\/12\/obra-calle-en-cameros-foto-destacada-1767177165-600x600.jpg\" class=\"attachment-obras_grid size-obras_grid wp-image-2355\" alt=\"Obra Calle En Cameros Foto Destacada\" srcset=\"https:\/\/www.veronicaabaigar.com\/wp-content\/uploads\/2025\/12\/obra-calle-en-cameros-foto-destacada-1767177165-600x600.jpg 600w, https:\/\/www.veronicaabaigar.com\/wp-content\/uploads\/2025\/12\/obra-calle-en-cameros-foto-destacada-1767177165-150x150.jpg 150w\" sizes=\"(max-width: 600px) 100vw, 600px\" \/>\t\t\t\t\t\t\t\t\t\t\t\t\t\t\t<\/div>\n\t\t\t\t<\/div>\n\t\t<div class=\"elementor-element elementor-element-f7051ae e-con-full e-flex e-con e-child\" data-id=\"f7051ae\" data-element_type=\"container\" data-e-type=\"container\">\n\t\t\t\t<div class=\"elementor-element elementor-element-bcf8d31 elementor-widget elementor-widget-heading\" data-id=\"bcf8d31\" data-element_type=\"widget\" data-e-type=\"widget\" data-widget_type=\"heading.default\">\n\t\t\t\t<div class=\"elementor-widget-container\">\n\t\t\t\t\t<h3 class=\"elementor-heading-title elementor-size-default\">Calle en Soto de Cameros<\/h3>\t\t\t\t<\/div>\n\t\t\t\t<\/div>\n\t\t\t\t<\/div>\n\t\t\t\t\t<\/div>\n\t\t\t\t<\/a>\n\t\t\t\t<\/div>\n\t\t\t\t<div data-elementor-type=\"loop-item\" data-elementor-id=\"1134\" class=\"elementor elementor-1134 e-loop-item e-loop-item-2009 post-2009 obra type-obra status-publish hentry\" data-elementor-post-type=\"elementor_library\" data-custom-edit-handle=\"1\">\n\t\t\t<a class=\"elementor-element elementor-element-412ffc6 e-flex e-con-boxed e-con e-parent\" data-id=\"412ffc6\" data-element_type=\"container\" data-e-type=\"container\" href=\"https:\/\/www.veronicaabaigar.com\/en\/obra\/calle-e-iglesia-santo-tomas\/\">\n\t\t\t\t\t<div class=\"e-con-inner\">\n\t\t\t\t<div class=\"elementor-element elementor-element-b26c9b2 elementor-widget elementor-widget-image\" data-id=\"b26c9b2\" data-element_type=\"widget\" data-e-type=\"widget\" data-widget_type=\"image.default\">\n\t\t\t\t<div class=\"elementor-widget-container\">\n\t\t\t\t\t\t\t\t\t\t\t\t\t\t\t<img loading=\"lazy\" decoding=\"async\" width=\"600\" height=\"600\" src=\"https:\/\/www.veronicaabaigar.com\/wp-content\/uploads\/2025\/12\/obra-calle-e-iglesia-santo-tomas-foto-destacada-1767710601-600x600.jpg\" class=\"attachment-obras_grid size-obras_grid wp-image-2413\" alt=\"Obra Calle E Iglesia Santo Tomas Foto Destacada\" srcset=\"https:\/\/www.veronicaabaigar.com\/wp-content\/uploads\/2025\/12\/obra-calle-e-iglesia-santo-tomas-foto-destacada-1767710601-600x600.jpg 600w, https:\/\/www.veronicaabaigar.com\/wp-content\/uploads\/2025\/12\/obra-calle-e-iglesia-santo-tomas-foto-destacada-1767710601-150x150.jpg 150w\" sizes=\"(max-width: 600px) 100vw, 600px\" \/>\t\t\t\t\t\t\t\t\t\t\t\t\t\t\t<\/div>\n\t\t\t\t<\/div>\n\t\t<div class=\"elementor-element elementor-element-f7051ae e-con-full e-flex e-con e-child\" data-id=\"f7051ae\" data-element_type=\"container\" data-e-type=\"container\">\n\t\t\t\t<div class=\"elementor-element elementor-element-bcf8d31 elementor-widget elementor-widget-heading\" data-id=\"bcf8d31\" data-element_type=\"widget\" data-e-type=\"widget\" data-widget_type=\"heading.default\">\n\t\t\t\t<div class=\"elementor-widget-container\">\n\t\t\t\t\t<h3 class=\"elementor-heading-title elementor-size-default\">Calle e Iglesia Santo Tom\u00e1s<\/h3>\t\t\t\t<\/div>\n\t\t\t\t<\/div>\n\t\t\t\t<div class=\"elementor-element elementor-element-797e341 element-obra-disponible-hide elementor-widget elementor-widget-heading\" data-id=\"797e341\" data-element_type=\"widget\" data-e-type=\"widget\" data-widget_type=\"heading.default\">\n\t\t\t\t<div class=\"elementor-widget-container\">\n\t\t\t\t\t<div class=\"elementor-heading-title elementor-size-default\">No disponible<\/div>\t\t\t\t<\/div>\n\t\t\t\t<\/div>\n\t\t\t\t<\/div>\n\t\t\t\t\t<\/div>\n\t\t\t\t<\/a>\n\t\t\t\t<\/div>\n\t\t\t\t<div data-elementor-type=\"loop-item\" data-elementor-id=\"1134\" class=\"elementor elementor-1134 e-loop-item e-loop-item-2008 post-2008 obra type-obra status-publish hentry\" data-elementor-post-type=\"elementor_library\" data-custom-edit-handle=\"1\">\n\t\t\t<a class=\"elementor-element elementor-element-412ffc6 e-flex e-con-boxed e-con e-parent\" data-id=\"412ffc6\" data-element_type=\"container\" data-e-type=\"container\" href=\"https:\/\/www.veronicaabaigar.com\/en\/obra\/plaza-de-la-paz-blanco-y-negro\/\">\n\t\t\t\t\t<div class=\"e-con-inner\">\n\t\t\t\t<div class=\"elementor-element elementor-element-b26c9b2 elementor-widget elementor-widget-image\" data-id=\"b26c9b2\" data-element_type=\"widget\" data-e-type=\"widget\" data-widget_type=\"image.default\">\n\t\t\t\t<div class=\"elementor-widget-container\">\n\t\t\t\t\t\t\t\t\t\t\t\t\t\t\t<img loading=\"lazy\" decoding=\"async\" width=\"600\" height=\"600\" src=\"https:\/\/www.veronicaabaigar.com\/wp-content\/uploads\/2025\/12\/obra-por-la-plaza-de-la-paz-foto-destacada-1767183138-600x600.jpg\" class=\"attachment-obras_grid size-obras_grid wp-image-2372\" alt=\"Obra Por La Plaza De La Paz Foto Destacada\" srcset=\"https:\/\/www.veronicaabaigar.com\/wp-content\/uploads\/2025\/12\/obra-por-la-plaza-de-la-paz-foto-destacada-1767183138-600x600.jpg 600w, https:\/\/www.veronicaabaigar.com\/wp-content\/uploads\/2025\/12\/obra-por-la-plaza-de-la-paz-foto-destacada-1767183138-150x150.jpg 150w\" sizes=\"(max-width: 600px) 100vw, 600px\" \/>\t\t\t\t\t\t\t\t\t\t\t\t\t\t\t<\/div>\n\t\t\t\t<\/div>\n\t\t<div class=\"elementor-element elementor-element-f7051ae e-con-full e-flex e-con e-child\" data-id=\"f7051ae\" data-element_type=\"container\" data-e-type=\"container\">\n\t\t\t\t<div class=\"elementor-element elementor-element-bcf8d31 elementor-widget elementor-widget-heading\" data-id=\"bcf8d31\" data-element_type=\"widget\" data-e-type=\"widget\" data-widget_type=\"heading.default\">\n\t\t\t\t<div class=\"elementor-widget-container\">\n\t\t\t\t\t<h3 class=\"elementor-heading-title elementor-size-default\">Plaza de la Paz blanco y negro<\/h3>\t\t\t\t<\/div>\n\t\t\t\t<\/div>\n\t\t\t\t<\/div>\n\t\t\t\t\t<\/div>\n\t\t\t\t<\/a>\n\t\t\t\t<\/div>\n\t\t\t\t<\/div>\n\t\t\n\t\t\t\t\t\t<\/div>\n\t\t\t\t<\/div>\n\t\t\t\t\t<\/div>\n\t\t\t\t<\/div>\n\t\t<div class=\"elementor-element elementor-element-e85e515 e-flex e-con-boxed e-con e-child\" data-id=\"e85e515\" data-element_type=\"container\" data-e-type=\"container\">\n\t\t\t\t\t<div class=\"e-con-inner\">\n\t\t\t\t<div class=\"elementor-element elementor-element-70b112b elementor-widget__width-auto fc-boton-simple elementor-widget elementor-widget-button\" data-id=\"70b112b\" data-element_type=\"widget\" data-e-type=\"widget\" data-widget_type=\"button.default\">\n\t\t\t\t<div class=\"elementor-widget-container\">\n\t\t\t\t\t\t\t\t\t<div class=\"elementor-button-wrapper\">\n\t\t\t\t\t<a class=\"elementor-button elementor-button-link elementor-size-sm\" href=\"https:\/\/www.veronicaabaigar.com\/obras\/\">\n\t\t\t\t\t\t<span class=\"elementor-button-content-wrapper\">\n\t\t\t\t\t\t\t\t\t<span class=\"elementor-button-text\">Ver todas las obras<\/span>\n\t\t\t\t\t<\/span>\n\t\t\t\t\t<\/a>\n\t\t\t\t<\/div>\n\t\t\t\t\t\t\t\t<\/div>\n\t\t\t\t<\/div>\n\t\t\t\t\t<\/div>\n\t\t\t\t<\/div>\n\t\t\t\t<\/div>\n\t\t\t\t<\/div>\n\t\t","protected":false},"excerpt":{"rendered":"<p>Acuarelas que nacen del paisaje, de la luz y de la vida cotidiana Soy Ver\u00f3nica Abaigar, pintora de La Rioja y miembro de la Agrupaci\u00f3n de Acuarelistas Vascos. Desde muy joven pinto al natural, in situ, acompa\u00f1ada de cuadernos, pinceles y el deseo de atrapar un instante antes de que cambie para siempre. Autodidacta e [&hellip;]<\/p>\n","protected":false},"author":1,"featured_media":0,"parent":0,"menu_order":2,"comment_status":"closed","ping_status":"closed","template":"","meta":{"_acf_changed":false,"footnotes":""},"class_list":["post-42","page","type-page","status-publish","hentry"],"acf":[],"_links":{"self":[{"href":"https:\/\/www.veronicaabaigar.com\/en\/wp-json\/wp\/v2\/pages\/42","targetHints":{"allow":["GET"]}}],"collection":[{"href":"https:\/\/www.veronicaabaigar.com\/en\/wp-json\/wp\/v2\/pages"}],"about":[{"href":"https:\/\/www.veronicaabaigar.com\/en\/wp-json\/wp\/v2\/types\/page"}],"author":[{"embeddable":true,"href":"https:\/\/www.veronicaabaigar.com\/en\/wp-json\/wp\/v2\/users\/1"}],"replies":[{"embeddable":true,"href":"https:\/\/www.veronicaabaigar.com\/en\/wp-json\/wp\/v2\/comments?post=42"}],"version-history":[{"count":66,"href":"https:\/\/www.veronicaabaigar.com\/en\/wp-json\/wp\/v2\/pages\/42\/revisions"}],"predecessor-version":[{"id":2453,"href":"https:\/\/www.veronicaabaigar.com\/en\/wp-json\/wp\/v2\/pages\/42\/revisions\/2453"}],"wp:attachment":[{"href":"https:\/\/www.veronicaabaigar.com\/en\/wp-json\/wp\/v2\/media?parent=42"}],"curies":[{"name":"wp","href":"https:\/\/api.w.org\/{rel}","templated":true}]}}